{"id":32336,"date":"2020-06-29T08:05:25","date_gmt":"2020-06-29T11:05:25","guid":{"rendered":"http:\/\/localhost\/wordpress\/?page_id=32336"},"modified":"2025-01-16T14:34:51","modified_gmt":"2025-01-16T17:34:51","slug":"historia","status":"publish","type":"page","link":"https:\/\/www.artico.com.br\/es\/historia\/","title":{"rendered":"Hist\u00f3ria"},"content":{"rendered":"<div id=\"vc_row-69f2963ee5eb6\" class=\"vc_row wpb_row vc_row-fluid thegem-custom-69f2963ee5e8b2916\"><div class=\"wpb_column vc_column_container vc_col-sm-12 thegem-custom-69f2963ee5fc81722\"><div class=\"vc_column-inner thegem-custom-inner-69f2963ee5fc9\"><style>\n.thegem-template-wrapper .wpb_wrapper.thegem-custom-69f2963ee5fc81722{display: flex !important;}.thegem-template-wrapper .wpb_wrapper.thegem-custom-69f2963ee5fc81722{align-items: center !important;}.thegem-template-wrapper .wpb_wrapper.thegem-custom-69f2963ee5fc81722{justify-content: flex-start !important;}.thegem-template-wrapper .wpb_wrapper.thegem-custom-69f2963ee5fc81722{flex-direction: row !important;}.thegem-template-wrapper .wpb_wrapper.thegem-custom-69f2963ee5fc81722{flex-wrap: wrap !important;}<\/style><div class=\"wpb_wrapper thegem-custom-69f2963ee5fc81722\"><div class=\"quickfinder quickfinder-style-vertical-1 quickfinder-style-vertical quickfinder-icon-position-top quickfinder-alignment-center quickfinder-title-bold\"><div id=\"post-32390\" class=\"quickfinder-item odd quickfinder-item-effect-image-scale large post-32390 thegem_qf_item type-thegem_qf_item status-publish has-post-thumbnail\" data-ll-item-delay=\"0\"> <div class=\"quickfinder-item-info-wrapper\"> <svg class=\"qf-svg-arrow-right\" viewbox=\"0 0 50 100\"> <use xlink:href=\"https:\/\/www.artico.com.br\/wp-content\/themes\/thegem\/css\/post-arrow.svg#dec-post-arrow\"><\/use> <\/svg> <div class=\"connector-top\" style=\"border-color: #b6c6c9; right: -81.5px;\"> <\/div> <div class=\"connector-bot\" style=\"border-color: #b6c6c9; right: -81.5px;\"> <\/div> <div class=\"quickfinder-item-info\" > <div style=\"display: block; min-height: 250px;\"> <div class=\"quickfinder-item-title\" >1960<\/div> <div class=\"quickfinder-item-text\" >Fundada em 07 de julho de 1960, pelos imigrantes alem\u00e3es Hubert e Johannes Schildwachter, a Artico foi a pioneira no ramo de refrigera\u00e7\u00e3o comercial no Vale do Itaja\u00ed. Teve sua atividade inicial principal voltada para a fabrica\u00e7\u00e3o de balc\u00f5es refrigerados e em pouco tempo sua marca j\u00e1 era destaque em toda a regi\u00e3o, pela qualidade de seus produtos.<\/div> <\/div> <\/div> <\/div> <div class=\"quickfinder-item-image\"> <div class=\"quickfinder-item-image-content\" > <div class=\"quickfinder-item-image-wrapper quickfinder-item-picture quickfinder-item-image-shape-circle\" style=\"box-shadow: 0 0 0 3px #ffffff, 0 0 0 6px #b6c6c9;\"> <img width=\"150\" height=\"124\" src=\"https:\/\/www.artico.com.br\/wp-content\/uploads\/2020\/06\/04_inicio-fabrica-150x124-1.jpg\" class=\"quickfinder-img-size-large wp-post-image\" alt=\"04_inicio-fabrica-150x124\" srcset=\"https:\/\/www.artico.com.br\/wp-content\/uploads\/2020\/06\/04_inicio-fabrica-150x124-1.jpg 1x, https:\/\/www.artico.com.br\/wp-content\/uploads\/2020\/06\/04_inicio-fabrica-150x124-1.jpg 2x\" sizes=\"100vw\" loading=\"lazy\" \/> <\/div> <\/div> <\/div> <\/div> <div id=\"post-32393\" class=\"quickfinder-item even quickfinder-item-effect-image-scale large post-32393 thegem_qf_item type-thegem_qf_item status-publish has-post-thumbnail\" data-ll-item-delay=\"0\"> <div class=\"quickfinder-item-image\"> <div class=\"quickfinder-item-image-content\" > <div class=\"quickfinder-item-image-wrapper quickfinder-item-picture quickfinder-item-image-shape-circle\" style=\"box-shadow: 0 0 0 3px #ffffff, 0 0 0 6px #b6c6c9;\"> <img width=\"150\" height=\"138\" src=\"https:\/\/www.artico.com.br\/wp-content\/uploads\/2020\/06\/05_carregamento.jpg\" class=\"quickfinder-img-size-large wp-post-image\" alt=\"05_carregamento\" srcset=\"https:\/\/www.artico.com.br\/wp-content\/uploads\/2020\/06\/05_carregamento.jpg 1x, https:\/\/www.artico.com.br\/wp-content\/uploads\/2020\/06\/05_carregamento.jpg 2x\" sizes=\"100vw\" loading=\"lazy\" \/> <\/div> <\/div> <\/div> <div class=\"quickfinder-item-info-wrapper\"> <svg class=\"qf-svg-arrow-left\" viewbox=\"0 0 50 100\"> <use xlink:href=\"https:\/\/www.artico.com.br\/wp-content\/themes\/thegem\/css\/post-arrow.svg#dec-post-arrow\"><\/use> <\/svg> <div class=\"connector-top\" style=\"border-color: #b6c6c9; left: -81.5px;\"> <\/div> <div class=\"connector-bot\" style=\"border-color: #b6c6c9; left: -81.5px;\"> <\/div> <div class=\"quickfinder-item-info\" > <div style=\"display: block; min-height: 250px;\"> <div class=\"quickfinder-item-title\" >1963<\/div> <div class=\"quickfinder-item-text\" >Traslado de la sede de la empresa a Travessa Pernambuco, 40<\/div> <\/div> <\/div> <\/div> <\/div> <div id=\"post-32396\" class=\"quickfinder-item odd quickfinder-item-effect-image-scale large post-32396 thegem_qf_item type-thegem_qf_item status-publish has-post-thumbnail\" data-ll-item-delay=\"0\"> <div class=\"quickfinder-item-info-wrapper\"> <svg class=\"qf-svg-arrow-right\" viewbox=\"0 0 50 100\"> <use xlink:href=\"https:\/\/www.artico.com.br\/wp-content\/themes\/thegem\/css\/post-arrow.svg#dec-post-arrow\"><\/use> <\/svg> <div class=\"connector-top\" style=\"border-color: #b6c6c9; right: -81.5px;\"> <\/div> <div class=\"connector-bot\" style=\"border-color: #b6c6c9; right: -81.5px;\"> <\/div> <div class=\"quickfinder-item-info\" > <div style=\"display: block; min-height: 250px;\"> <div class=\"quickfinder-item-title\" >1964<\/div> <div class=\"quickfinder-item-text\" >Bajo la direcci\u00f3n exclusiva de Hubert Schildwachter, la empresa comienza a fabricar sus primeros mostradores refrigerados.<\/div> <\/div> <\/div> <\/div> <div class=\"quickfinder-item-image\"> <div class=\"quickfinder-item-image-content\" > <div class=\"quickfinder-item-image-wrapper quickfinder-item-picture quickfinder-item-image-shape-circle\" style=\"box-shadow: 0 0 0 3px #ffffff, 0 0 0 6px #b6c6c9;\"> <img width=\"150\" height=\"133\" src=\"https:\/\/www.artico.com.br\/wp-content\/uploads\/2020\/06\/01_primeiro150x133.jpg\" class=\"quickfinder-img-size-large wp-post-image\" alt=\"01_primeiro150x133\" srcset=\"https:\/\/www.artico.com.br\/wp-content\/uploads\/2020\/06\/01_primeiro150x133.jpg 1x, https:\/\/www.artico.com.br\/wp-content\/uploads\/2020\/06\/01_primeiro150x133.jpg 2x\" sizes=\"100vw\" loading=\"lazy\" \/> <\/div> <\/div> <\/div> <\/div> <div id=\"post-32398\" class=\"quickfinder-item even quickfinder-item-effect-image-scale large post-32398 thegem_qf_item type-thegem_qf_item status-publish has-post-thumbnail\" data-ll-item-delay=\"0\"> <div class=\"quickfinder-item-image\"> <div class=\"quickfinder-item-image-content\" > <div class=\"quickfinder-item-image-wrapper quickfinder-item-picture quickfinder-item-image-shape-circle\" style=\"box-shadow: 0 0 0 3px #ffffff, 0 0 0 6px #b6c6c9;\"> <img width=\"150\" height=\"150\" src=\"https:\/\/www.artico.com.br\/wp-content\/uploads\/2020\/06\/02_terraplanagem-150x150-1.jpg\" class=\"quickfinder-img-size-large wp-post-image\" alt=\"02_terraplanagem-150x150\" srcset=\"https:\/\/www.artico.com.br\/wp-content\/uploads\/2020\/06\/02_terraplanagem-150x150-1.jpg 1x, https:\/\/www.artico.com.br\/wp-content\/uploads\/2020\/06\/02_terraplanagem-150x150-1.jpg 2x\" sizes=\"100vw\" loading=\"lazy\" \/> <\/div> <\/div> <\/div> <div class=\"quickfinder-item-info-wrapper\"> <svg class=\"qf-svg-arrow-left\" viewbox=\"0 0 50 100\"> <use xlink:href=\"https:\/\/www.artico.com.br\/wp-content\/themes\/thegem\/css\/post-arrow.svg#dec-post-arrow\"><\/use> <\/svg> <div class=\"connector-top\" style=\"border-color: #b6c6c9; left: -81.5px;\"> <\/div> <div class=\"connector-bot\" style=\"border-color: #b6c6c9; left: -81.5px;\"> <\/div> <div class=\"quickfinder-item-info\" > <div style=\"display: block; min-height: 250px;\"> <div class=\"quickfinder-item-title\" >1972<\/div> <div class=\"quickfinder-item-text\" >Ano em que a Artico se instalou definitivamente \u00e0s margens da BR-470, km. 3 (hoje, Rua Eng. Udo Deeke, 1882), numa \u00e1rea, na \u00e9poca, de 45.000 m2, dos quais 10.000 m2 constru\u00eddos.<\/div> <\/div> <\/div> <\/div> <\/div> <div id=\"post-32400\" class=\"quickfinder-item odd quickfinder-item-effect-image-scale large post-32400 thegem_qf_item type-thegem_qf_item status-publish has-post-thumbnail\" data-ll-item-delay=\"0\"> <div class=\"quickfinder-item-info-wrapper\"> <svg class=\"qf-svg-arrow-right\" viewbox=\"0 0 50 100\"> <use xlink:href=\"https:\/\/www.artico.com.br\/wp-content\/themes\/thegem\/css\/post-arrow.svg#dec-post-arrow\"><\/use> <\/svg> <div class=\"connector-top\" style=\"border-color: #b6c6c9; right: -81.5px;\"> <\/div> <div class=\"connector-bot\" style=\"border-color: #b6c6c9; right: -81.5px;\"> <\/div> <div class=\"quickfinder-item-info\" > <div style=\"display: block; min-height: 250px;\"> <div class=\"quickfinder-item-title\" >1974<\/div> <div class=\"quickfinder-item-text\" >Fabricaci\u00f3n del primer congelador, con tecnolog\u00eda adquirida de Alemania por el empresario Hubert Schildwachter. Fabricaci\u00f3n del primer congelador.<\/div> <\/div> <\/div> <\/div> <div class=\"quickfinder-item-image\"> <div class=\"quickfinder-item-image-content\" > <div class=\"quickfinder-item-image-wrapper quickfinder-item-picture quickfinder-item-image-shape-circle\" style=\"box-shadow: 0 0 0 3px #ffffff, 0 0 0 6px #b6c6c9;\"> <img width=\"300\" height=\"300\" src=\"https:\/\/www.artico.com.br\/wp-content\/uploads\/2020\/06\/Design-sem-nome-2.png\" class=\"quickfinder-img-size-large wp-post-image\" alt=\"Freezer Antigo\" srcset=\"https:\/\/www.artico.com.br\/wp-content\/uploads\/2020\/06\/Design-sem-nome-2-thegem-person-160.png 1x, https:\/\/www.artico.com.br\/wp-content\/uploads\/2020\/06\/Design-sem-nome-2.png 2x\" sizes=\"100vw\" loading=\"lazy\" \/> <\/div> <\/div> <\/div> <\/div> <div id=\"post-32401\" class=\"quickfinder-item even quickfinder-item-effect-image-scale large post-32401 thegem_qf_item type-thegem_qf_item status-publish has-post-thumbnail\" data-ll-item-delay=\"0\"> <div class=\"quickfinder-item-image\"> <div class=\"quickfinder-item-image-content\" > <div class=\"quickfinder-item-image-wrapper quickfinder-item-picture quickfinder-item-image-shape-circle\" style=\"box-shadow: 0 0 0 3px #ffffff, 0 0 0 6px #b6c6c9;\"> <img width=\"300\" height=\"300\" src=\"https:\/\/www.artico.com.br\/wp-content\/uploads\/2020\/06\/Design-sem-nome-3.png\" class=\"quickfinder-img-size-large wp-post-image\" alt=\"balc\u00e3o refrigerado antigo artico\" srcset=\"https:\/\/www.artico.com.br\/wp-content\/uploads\/2020\/06\/Design-sem-nome-3-thegem-person-160.png 1x, https:\/\/www.artico.com.br\/wp-content\/uploads\/2020\/06\/Design-sem-nome-3.png 2x\" sizes=\"100vw\" loading=\"lazy\" \/> <\/div> <\/div> <\/div> <div class=\"quickfinder-item-info-wrapper\"> <svg class=\"qf-svg-arrow-left\" viewbox=\"0 0 50 100\"> <use xlink:href=\"https:\/\/www.artico.com.br\/wp-content\/themes\/thegem\/css\/post-arrow.svg#dec-post-arrow\"><\/use> <\/svg> <div class=\"connector-top\" style=\"border-color: #b6c6c9; left: -81.5px;\"> <\/div> <div class=\"connector-bot\" style=\"border-color: #b6c6c9; left: -81.5px;\"> <\/div> <div class=\"quickfinder-item-info\" > <div style=\"display: block; min-height: 250px;\"> <div class=\"quickfinder-item-title\" >1980<\/div> <div class=\"quickfinder-item-text\" >Neste per\u00edodo, a linha de produ\u00e7\u00e3o foi ampliada e al\u00e9m de balc\u00f5es frigor\u00edficos, a Artico passou a produzir tamb\u00e9m geladeiras comerciais, instala\u00e7\u00f5es para panificadoras, lanchonetes, padarias, restaurantes, a\u00e7ougues e supermercados.<\/div> <\/div> <\/div> <\/div> <\/div> <div id=\"post-32402\" class=\"quickfinder-item odd quickfinder-item-effect-image-scale large post-32402 thegem_qf_item type-thegem_qf_item status-publish has-post-thumbnail\" data-ll-item-delay=\"0\"> <div class=\"quickfinder-item-info-wrapper\"> <svg class=\"qf-svg-arrow-right\" viewbox=\"0 0 50 100\"> <use xlink:href=\"https:\/\/www.artico.com.br\/wp-content\/themes\/thegem\/css\/post-arrow.svg#dec-post-arrow\"><\/use> <\/svg> <div class=\"connector-top\" style=\"border-color: #b6c6c9; right: -81.5px;\"> <\/div> <div class=\"connector-bot\" style=\"border-color: #b6c6c9; right: -81.5px;\"> <\/div> <div class=\"quickfinder-item-info\" > <div style=\"display: block; min-height: 250px;\"> <div class=\"quickfinder-item-title\" >1991<\/div> <div class=\"quickfinder-item-text\" >A Artico lan\u00e7a no mercado sua linha de c\u00e2maras frigor\u00edficas desmont\u00e1veis, para resfriamento e congelamento, com isolamento de poliuretano injetado, atendendo as ind\u00fastrias de panifica\u00e7\u00e3o, sorvetes, al\u00e9m de supermercados, a\u00e7ougues, hot\u00e9is e restaurantes. Fabrica\u00e7\u00e3o da primeira c\u00e2mara frigorifica desmont\u00e1vel.<\/div> <\/div> <\/div> <\/div> <div class=\"quickfinder-item-image\"> <div class=\"quickfinder-item-image-content\" > <div class=\"quickfinder-item-image-wrapper quickfinder-item-picture quickfinder-item-image-shape-circle\" style=\"box-shadow: 0 0 0 3px #ffffff, 0 0 0 6px #b6c6c9;\"> <img width=\"300\" height=\"300\" src=\"https:\/\/www.artico.com.br\/wp-content\/uploads\/2020\/06\/Design-sem-nome-5.png\" class=\"quickfinder-img-size-large wp-post-image\" alt=\"c\u00e2mara fria antiga \u00e1rtico\" srcset=\"https:\/\/www.artico.com.br\/wp-content\/uploads\/2020\/06\/Design-sem-nome-5-thegem-person-160.png 1x, https:\/\/www.artico.com.br\/wp-content\/uploads\/2020\/06\/Design-sem-nome-5.png 2x\" sizes=\"100vw\" loading=\"lazy\" \/> <\/div> <\/div> <\/div> <\/div> <div id=\"post-32403\" class=\"quickfinder-item even quickfinder-item-effect-image-scale large post-32403 thegem_qf_item type-thegem_qf_item status-publish has-post-thumbnail\" data-ll-item-delay=\"0\"> <div class=\"quickfinder-item-image\"> <div class=\"quickfinder-item-image-content\" > <div class=\"quickfinder-item-image-wrapper quickfinder-item-picture quickfinder-item-image-shape-circle\" style=\"box-shadow: 0 0 0 3px #ffffff, 0 0 0 6px #b6c6c9;\"> <img width=\"150\" height=\"150\" src=\"https:\/\/www.artico.com.br\/wp-content\/uploads\/2020\/06\/5a188ae660389942aef371779a8d6f93-150x150-1.jpg\" class=\"quickfinder-img-size-large wp-post-image\" alt=\"5a188ae660389942aef371779a8d6f93-150x150\" srcset=\"https:\/\/www.artico.com.br\/wp-content\/uploads\/2020\/06\/5a188ae660389942aef371779a8d6f93-150x150-1.jpg 1x, https:\/\/www.artico.com.br\/wp-content\/uploads\/2020\/06\/5a188ae660389942aef371779a8d6f93-150x150-1.jpg 2x\" sizes=\"100vw\" loading=\"lazy\" \/> <\/div> <\/div> <\/div> <div class=\"quickfinder-item-info-wrapper\"> <svg class=\"qf-svg-arrow-left\" viewbox=\"0 0 50 100\"> <use xlink:href=\"https:\/\/www.artico.com.br\/wp-content\/themes\/thegem\/css\/post-arrow.svg#dec-post-arrow\"><\/use> <\/svg> <div class=\"connector-top\" style=\"border-color: #b6c6c9; left: -81.5px;\"> <\/div> <div class=\"connector-bot\" style=\"border-color: #b6c6c9; left: -81.5px;\"> <\/div> <div class=\"quickfinder-item-info\" > <div style=\"display: block; min-height: 250px;\"> <div class=\"quickfinder-item-title\" >1995<\/div> <div class=\"quickfinder-item-text\" >Ano marcado pelo grande consumo e fabrica\u00e7\u00e3o de buffets para sorvetes. A Artico se consolida como especialista na fabrica\u00e7\u00e3o dos m\u00f3veis e dos congeladores expositores abertos.<\/div> <\/div> <\/div> <\/div> <\/div> <div id=\"post-32405\" class=\"quickfinder-item odd quickfinder-item-effect-image-scale large post-32405 thegem_qf_item type-thegem_qf_item status-publish has-post-thumbnail\" data-ll-item-delay=\"0\"> <div class=\"quickfinder-item-info-wrapper\"> <svg class=\"qf-svg-arrow-right\" viewbox=\"0 0 50 100\"> <use xlink:href=\"https:\/\/www.artico.com.br\/wp-content\/themes\/thegem\/css\/post-arrow.svg#dec-post-arrow\"><\/use> <\/svg> <div class=\"connector-top\" style=\"border-color: #b6c6c9; right: -81.5px;\"> <\/div> <div class=\"connector-bot\" style=\"border-color: #b6c6c9; right: -81.5px;\"> <\/div> <div class=\"quickfinder-item-info\" > <div style=\"display: block; min-height: 250px;\"> <div class=\"quickfinder-item-title\" >1998<\/div> <div class=\"quickfinder-item-text\" >A Artico assina acordo com a ONU para elimina\u00e7\u00e3o do uso do CFC (g\u00e1s prejudicial \u00e0 camada de oz\u00f4nio) em sua linha de produ\u00e7\u00e3o. Lan\u00e7amento dos congeladores linha Metal Show, com sistema Skin Condenser (sem uso de micro-motor e ventilador).<\/div> <\/div> <\/div> <\/div> <div class=\"quickfinder-item-image\"> <div class=\"quickfinder-item-image-content\" > <div class=\"quickfinder-item-image-wrapper quickfinder-item-picture quickfinder-item-image-shape-circle\" style=\"box-shadow: 0 0 0 3px #ffffff, 0 0 0 6px #b6c6c9;\"> <img width=\"300\" height=\"300\" src=\"https:\/\/www.artico.com.br\/wp-content\/uploads\/2020\/06\/Design-sem-nome-8.png\" class=\"quickfinder-img-size-large wp-post-image\" alt=\"Onu\" srcset=\"https:\/\/www.artico.com.br\/wp-content\/uploads\/2020\/06\/Design-sem-nome-8-thegem-person-160.png 1x, https:\/\/www.artico.com.br\/wp-content\/uploads\/2020\/06\/Design-sem-nome-8.png 2x\" sizes=\"100vw\" loading=\"lazy\" \/> <\/div> <\/div> <\/div> <\/div> <div id=\"post-32407\" class=\"quickfinder-item even quickfinder-item-effect-image-scale large post-32407 thegem_qf_item type-thegem_qf_item status-publish has-post-thumbnail\" data-ll-item-delay=\"0\"> <div class=\"quickfinder-item-image\"> <div class=\"quickfinder-item-image-content\" > <div class=\"quickfinder-item-image-wrapper quickfinder-item-picture quickfinder-item-image-shape-circle\" style=\"box-shadow: 0 0 0 3px #ffffff, 0 0 0 6px #b6c6c9;\"> <img width=\"150\" height=\"150\" src=\"https:\/\/www.artico.com.br\/wp-content\/uploads\/2020\/06\/06-150x150-1.jpg\" class=\"quickfinder-img-size-large wp-post-image\" alt=\"06-150x150\" srcset=\"https:\/\/www.artico.com.br\/wp-content\/uploads\/2020\/06\/06-150x150-1.jpg 1x, https:\/\/www.artico.com.br\/wp-content\/uploads\/2020\/06\/06-150x150-1.jpg 2x\" sizes=\"100vw\" loading=\"lazy\" \/> <\/div> <\/div> <\/div> <div class=\"quickfinder-item-info-wrapper\"> <svg class=\"qf-svg-arrow-left\" viewbox=\"0 0 50 100\"> <use xlink:href=\"https:\/\/www.artico.com.br\/wp-content\/themes\/thegem\/css\/post-arrow.svg#dec-post-arrow\"><\/use> <\/svg> <div class=\"connector-top\" style=\"border-color: #b6c6c9; left: -81.5px;\"> <\/div> <div class=\"connector-bot\" style=\"border-color: #b6c6c9; left: -81.5px;\"> <\/div> <div class=\"quickfinder-item-info\" > <div style=\"display: block; min-height: 250px;\"> <div class=\"quickfinder-item-title\" >2006<\/div> <div class=\"quickfinder-item-text\" >Inicio del proyecto de reforestaci\u00f3n en Doutor Pedrinho, SC, a 67 Km de Blumenau, actualmente con un \u00e1rea total de 204 hect\u00e1reas.<\/div> <\/div> <\/div> <\/div> <\/div> <div id=\"post-32409\" class=\"quickfinder-item odd quickfinder-item-effect-image-scale large post-32409 thegem_qf_item type-thegem_qf_item status-publish has-post-thumbnail\" data-ll-item-delay=\"0\"> <div class=\"quickfinder-item-info-wrapper\"> <svg class=\"qf-svg-arrow-right\" viewbox=\"0 0 50 100\"> <use xlink:href=\"https:\/\/www.artico.com.br\/wp-content\/themes\/thegem\/css\/post-arrow.svg#dec-post-arrow\"><\/use> <\/svg> <div class=\"connector-top\" style=\"border-color: #b6c6c9; right: -81.5px;\"> <\/div> <div class=\"connector-bot\" style=\"border-color: #b6c6c9; right: -81.5px;\"> <\/div> <div class=\"quickfinder-item-info\" > <div style=\"display: block; min-height: 250px;\"> <div class=\"quickfinder-item-title\" >2008<\/div> <div class=\"quickfinder-item-text\" >Ampliaci\u00f3n del parque industrial para la producci\u00f3n de congeladores horizontales personalizados.<\/div> <\/div> <\/div> <\/div> <div class=\"quickfinder-item-image\"> <div class=\"quickfinder-item-image-content\" > <div class=\"quickfinder-item-image-wrapper quickfinder-item-picture quickfinder-item-image-shape-circle\" style=\"box-shadow: 0 0 0 3px #ffffff, 0 0 0 6px #b6c6c9;\"> <img width=\"150\" height=\"150\" src=\"https:\/\/www.artico.com.br\/wp-content\/uploads\/2020\/06\/10_empresa_aerea-150x150-1.jpg\" class=\"quickfinder-img-size-large wp-post-image\" alt=\"10_empresa_aerea-150x150\" srcset=\"https:\/\/www.artico.com.br\/wp-content\/uploads\/2020\/06\/10_empresa_aerea-150x150-1.jpg 1x, https:\/\/www.artico.com.br\/wp-content\/uploads\/2020\/06\/10_empresa_aerea-150x150-1.jpg 2x\" sizes=\"100vw\" loading=\"lazy\" \/> <\/div> <\/div> <\/div> <\/div> <div id=\"post-32411\" class=\"quickfinder-item even quickfinder-item-effect-image-scale large post-32411 thegem_qf_item type-thegem_qf_item status-publish has-post-thumbnail\" data-ll-item-delay=\"0\"> <div class=\"quickfinder-item-image\"> <div class=\"quickfinder-item-image-content\" > <div class=\"quickfinder-item-image-wrapper quickfinder-item-picture quickfinder-item-image-shape-circle\" style=\"box-shadow: 0 0 0 3px #ffffff, 0 0 0 6px #b6c6c9;\"> <img width=\"300\" height=\"300\" src=\"https:\/\/www.artico.com.br\/wp-content\/uploads\/2020\/06\/Design-sem-nome-6.png\" class=\"quickfinder-img-size-large wp-post-image\" alt=\"c\u00e2mara com placa solar\" srcset=\"https:\/\/www.artico.com.br\/wp-content\/uploads\/2020\/06\/Design-sem-nome-6-thegem-person-160.png 1x, https:\/\/www.artico.com.br\/wp-content\/uploads\/2020\/06\/Design-sem-nome-6.png 2x\" sizes=\"100vw\" loading=\"lazy\" \/> <\/div> <\/div> <\/div> <div class=\"quickfinder-item-info-wrapper\"> <svg class=\"qf-svg-arrow-left\" viewbox=\"0 0 50 100\"> <use xlink:href=\"https:\/\/www.artico.com.br\/wp-content\/themes\/thegem\/css\/post-arrow.svg#dec-post-arrow\"><\/use> <\/svg> <div class=\"connector-top\" style=\"border-color: #b6c6c9; left: -81.5px;\"> <\/div> <div class=\"connector-bot\" style=\"border-color: #b6c6c9; left: -81.5px;\"> <\/div> <div class=\"quickfinder-item-info\" > <div style=\"display: block; min-height: 250px;\"> <div class=\"quickfinder-item-title\" >2009<\/div> <div class=\"quickfinder-item-text\" >Desarrollo del dise\u00f1o de la c\u00e1mara frigor\u00edfica solar.<\/div> <\/div> <\/div> <\/div> <\/div> <div id=\"post-33485\" class=\"quickfinder-item odd quickfinder-item-effect-image-scale large post-33485 thegem_qf_item type-thegem_qf_item status-publish has-post-thumbnail\" data-ll-item-delay=\"0\"> <div class=\"quickfinder-item-info-wrapper\"> <svg class=\"qf-svg-arrow-right\" viewbox=\"0 0 50 100\"> <use xlink:href=\"https:\/\/www.artico.com.br\/wp-content\/themes\/thegem\/css\/post-arrow.svg#dec-post-arrow\"><\/use> <\/svg> <div class=\"connector-top\" style=\"border-color: #b6c6c9; right: -81.5px;\"> <\/div> <div class=\"connector-bot\" style=\"border-color: #b6c6c9; right: -81.5px;\"> <\/div> <div class=\"quickfinder-item-info\" > <div style=\"display: block; min-height: 250px;\"> <div class=\"quickfinder-item-title\" >2010<\/div> <div class=\"quickfinder-item-text\" >En conmemoraci\u00f3n del 50\u00ba aniversario de su fundaci\u00f3n, y en reconocimiento a la comunidad, el fundador Hubert J. Schildwachter don\u00f3 un terreno y una guarder\u00eda al municipio de Blumenau. La guarder\u00eda CEI Irm\u00e3 Maria Christa Pr\u00fcllage est\u00e1 en el barrio de Itoupavazinha y atiende a unos 150 ni\u00f1os.<\/div> <\/div> <\/div> <\/div> <div class=\"quickfinder-item-image\"> <div class=\"quickfinder-item-image-content\" > <div class=\"quickfinder-item-image-wrapper quickfinder-item-picture quickfinder-item-image-shape-circle\" style=\"box-shadow: 0 0 0 3px #ffffff, 0 0 0 6px #b6c6c9;\"> <img width=\"300\" height=\"300\" src=\"https:\/\/www.artico.com.br\/wp-content\/uploads\/2021\/01\/2010.png\" class=\"quickfinder-img-size-large wp-post-image\" alt=\"2010\" srcset=\"https:\/\/www.artico.com.br\/wp-content\/uploads\/2021\/01\/2010-thegem-person-160.png 1x, https:\/\/www.artico.com.br\/wp-content\/uploads\/2021\/01\/2010.png 2x\" sizes=\"100vw\" loading=\"lazy\" \/> <\/div> <\/div> <\/div> <\/div> <div id=\"post-32412\" class=\"quickfinder-item even quickfinder-item-effect-image-scale large post-32412 thegem_qf_item type-thegem_qf_item status-publish has-post-thumbnail\" data-ll-item-delay=\"0\"> <div class=\"quickfinder-item-image\"> <div class=\"quickfinder-item-image-content\" > <div class=\"quickfinder-item-image-wrapper quickfinder-item-picture quickfinder-item-image-shape-circle\" style=\"box-shadow: 0 0 0 3px #ffffff, 0 0 0 6px #b6c6c9;\"> <img width=\"150\" height=\"150\" src=\"https:\/\/www.artico.com.br\/wp-content\/uploads\/2020\/06\/8-Sr.-Hubert-150x150-1.jpg\" class=\"quickfinder-img-size-large wp-post-image\" alt=\"8-Sr.-Hubert-150x150\" srcset=\"https:\/\/www.artico.com.br\/wp-content\/uploads\/2020\/06\/8-Sr.-Hubert-150x150-1.jpg 1x, https:\/\/www.artico.com.br\/wp-content\/uploads\/2020\/06\/8-Sr.-Hubert-150x150-1.jpg 2x\" sizes=\"100vw\" loading=\"lazy\" \/> <\/div> <\/div> <\/div> <div class=\"quickfinder-item-info-wrapper\"> <svg class=\"qf-svg-arrow-left\" viewbox=\"0 0 50 100\"> <use xlink:href=\"https:\/\/www.artico.com.br\/wp-content\/themes\/thegem\/css\/post-arrow.svg#dec-post-arrow\"><\/use> <\/svg> <div class=\"connector-top\" style=\"border-color: #b6c6c9; left: -81.5px;\"> <\/div> <div class=\"connector-bot\" style=\"border-color: #b6c6c9; left: -81.5px;\"> <\/div> <div class=\"quickfinder-item-info\" > <div style=\"display: block; min-height: 250px;\"> <div class=\"quickfinder-item-title\" >2011<\/div> <div class=\"quickfinder-item-text\" >El a\u00f1o estuvo marcado por el desarrollo del proyecto del congelador horizontal solar. Fallecimiento del fundador Hubert J. Schildwachter el 18 de julio.<\/div> <\/div> <\/div> <\/div> <\/div> <div id=\"post-32416\" class=\"quickfinder-item odd quickfinder-item-effect-image-scale large post-32416 thegem_qf_item type-thegem_qf_item status-publish has-post-thumbnail\" data-ll-item-delay=\"0\"> <div class=\"quickfinder-item-info-wrapper\"> <svg class=\"qf-svg-arrow-right\" viewbox=\"0 0 50 100\"> <use xlink:href=\"https:\/\/www.artico.com.br\/wp-content\/themes\/thegem\/css\/post-arrow.svg#dec-post-arrow\"><\/use> <\/svg> <div class=\"connector-top\" style=\"border-color: #b6c6c9; right: -81.5px;\"> <\/div> <div class=\"connector-bot\" style=\"border-color: #b6c6c9; right: -81.5px;\"> <\/div> <div class=\"quickfinder-item-info\" > <div style=\"display: block; min-height: 250px;\"> <div class=\"quickfinder-item-title\" >2016<\/div> <div class=\"quickfinder-item-text\" >Ice Bar - 1\u00ba Bar de Gelo do Sul do Brasil, desenvolvido e projeto pelo departamento de c\u00e2maras frigor\u00edficas Artico.<\/div> <\/div> <\/div> <\/div> <div class=\"quickfinder-item-image\"> <div class=\"quickfinder-item-image-content\" > <div class=\"quickfinder-item-image-wrapper quickfinder-item-picture quickfinder-item-image-shape-circle\" style=\"box-shadow: 0 0 0 3px #ffffff, 0 0 0 6px #b6c6c9;\"> <img width=\"150\" height=\"150\" src=\"https:\/\/www.artico.com.br\/wp-content\/uploads\/2020\/06\/IMG_0117-150x150-1.png\" class=\"quickfinder-img-size-large wp-post-image\" alt=\"IMG_0117-150x150\" srcset=\"https:\/\/www.artico.com.br\/wp-content\/uploads\/2020\/06\/IMG_0117-150x150-1.png 1x, https:\/\/www.artico.com.br\/wp-content\/uploads\/2020\/06\/IMG_0117-150x150-1.png 2x\" sizes=\"100vw\" loading=\"lazy\" \/> <\/div> <\/div> <\/div> <\/div> <div id=\"post-32418\" class=\"quickfinder-item even quickfinder-item-effect-image-scale large post-32418 thegem_qf_item type-thegem_qf_item status-publish has-post-thumbnail\" data-ll-item-delay=\"0\"> <div class=\"quickfinder-item-image\"> <div class=\"quickfinder-item-image-content\" > <div class=\"quickfinder-item-image-wrapper quickfinder-item-picture quickfinder-item-image-shape-circle\" style=\"box-shadow: 0 0 0 3px #ffffff, 0 0 0 6px #b6c6c9;\"> <img width=\"150\" height=\"150\" src=\"https:\/\/www.artico.com.br\/wp-content\/uploads\/2020\/06\/Freezer-Gelatto-150x150-1.png\" class=\"quickfinder-img-size-large wp-post-image\" alt=\"Freezer-Gelatto-150x150\" srcset=\"https:\/\/www.artico.com.br\/wp-content\/uploads\/2020\/06\/Freezer-Gelatto-150x150-1.png 1x, https:\/\/www.artico.com.br\/wp-content\/uploads\/2020\/06\/Freezer-Gelatto-150x150-1.png 2x\" sizes=\"100vw\" loading=\"lazy\" \/> <\/div> <\/div> <\/div> <div class=\"quickfinder-item-info-wrapper\"> <svg class=\"qf-svg-arrow-left\" viewbox=\"0 0 50 100\"> <use xlink:href=\"https:\/\/www.artico.com.br\/wp-content\/themes\/thegem\/css\/post-arrow.svg#dec-post-arrow\"><\/use> <\/svg> <div class=\"connector-top\" style=\"border-color: #b6c6c9; left: -81.5px;\"> <\/div> <div class=\"connector-bot\" style=\"border-color: #b6c6c9; left: -81.5px;\"> <\/div> <div class=\"quickfinder-item-info\" > <div style=\"display: block; min-height: 250px;\"> <div class=\"quickfinder-item-title\" >2017<\/div> <div class=\"quickfinder-item-text\" >Lanzamiento en Fipan Freezer para Gelattos Anox. \u00a1Elegancia y sofisticaci\u00f3n para que este manjar helado destaque en los establecimientos!<\/div> <\/div> <\/div> <\/div> <\/div> <div id=\"post-32557\" class=\"quickfinder-item odd quickfinder-item-effect-image-scale large post-32557 thegem_qf_item type-thegem_qf_item status-publish has-post-thumbnail\" data-ll-item-delay=\"0\"> <div class=\"quickfinder-item-info-wrapper\"> <svg class=\"qf-svg-arrow-right\" viewbox=\"0 0 50 100\"> <use xlink:href=\"https:\/\/www.artico.com.br\/wp-content\/themes\/thegem\/css\/post-arrow.svg#dec-post-arrow\"><\/use> <\/svg> <div class=\"connector-top\" style=\"border-color: #b6c6c9; right: -81.5px;\"> <\/div> <div class=\"connector-bot\" style=\"border-color: #b6c6c9; right: -81.5px;\"> <\/div> <div class=\"quickfinder-item-info\" > <div style=\"display: block; min-height: 250px;\"> <div class=\"quickfinder-item-title\" >2018<\/div> <div class=\"quickfinder-item-text\" >Artico foi uma das 14 empresas brasileiras a participar de um projeto individual na ONU para o PNUD - Programa das Na\u00e7\u00f5es Unidas para o Desenvolvimento, que visa alcan\u00e7ar solu\u00e7\u00f5es para os desafios globais e nacionais<\/div> <\/div> <\/div> <\/div> <div class=\"quickfinder-item-image\"> <div class=\"quickfinder-item-image-content\" > <div class=\"quickfinder-item-image-wrapper quickfinder-item-picture quickfinder-item-image-shape-circle\" style=\"box-shadow: 0 0 0 3px #ffffff, 0 0 0 6px #b6c6c9;\"> <img width=\"300\" height=\"300\" src=\"https:\/\/www.artico.com.br\/wp-content\/uploads\/2020\/07\/Design-sem-nome-7.png\" class=\"quickfinder-img-size-large wp-post-image\" alt=\"Pnud\" srcset=\"https:\/\/www.artico.com.br\/wp-content\/uploads\/2020\/07\/Design-sem-nome-7-thegem-person-160.png 1x, https:\/\/www.artico.com.br\/wp-content\/uploads\/2020\/07\/Design-sem-nome-7.png 2x\" sizes=\"100vw\" loading=\"lazy\" \/> <\/div> <\/div> <\/div> <\/div> <div id=\"post-34662\" class=\"quickfinder-item even quickfinder-item-effect-image-scale large post-34662 thegem_qf_item type-thegem_qf_item status-publish has-post-thumbnail\" data-ll-item-delay=\"0\"> <div class=\"quickfinder-item-image\"> <div class=\"quickfinder-item-image-content\" > <div class=\"quickfinder-item-image-wrapper quickfinder-item-picture quickfinder-item-image-shape-circle\" style=\"box-shadow: 0 0 0 3px #ffffff, 0 0 0 6px #b6c6c9;\"> <img width=\"300\" height=\"300\" src=\"https:\/\/www.artico.com.br\/wp-content\/uploads\/2024\/06\/1.png\" class=\"quickfinder-img-size-large wp-post-image\" alt=\"energia renov\u00e1vel\" srcset=\"https:\/\/www.artico.com.br\/wp-content\/uploads\/2024\/06\/1-thegem-person-160.png 1x, https:\/\/www.artico.com.br\/wp-content\/uploads\/2024\/06\/1.png 2x\" sizes=\"100vw\" loading=\"lazy\" \/> <\/div> <\/div> <\/div> <div class=\"quickfinder-item-info-wrapper\"> <svg class=\"qf-svg-arrow-left\" viewbox=\"0 0 50 100\"> <use xlink:href=\"https:\/\/www.artico.com.br\/wp-content\/themes\/thegem\/css\/post-arrow.svg#dec-post-arrow\"><\/use> <\/svg> <div class=\"connector-top\" style=\"border-color: #b6c6c9; left: -81.5px;\"> <\/div> <div class=\"connector-bot\" style=\"border-color: #b6c6c9; left: -81.5px;\"> <\/div> <div class=\"quickfinder-item-info\" > <div style=\"display: block; min-height: 250px;\"> <div class=\"quickfinder-item-title\" >2021<\/div> <div class=\"quickfinder-item-text\" >Instala\u00e7\u00e3o de sistema de energia fotovoltaico.<br \/>\nAs placas solares al\u00e9m de reduzirem cerca de 4 toneladas\/ano de emiss\u00e3o de CO\u00b2 na atmosfera, produzem uma energia 100% limpa e renov\u00e1vel, sem emitir poluentes.<\/div> <\/div> <\/div> <\/div> <\/div> <div id=\"post-34664\" class=\"quickfinder-item odd quickfinder-item-effect-image-scale large post-34664 thegem_qf_item type-thegem_qf_item status-publish has-post-thumbnail\" data-ll-item-delay=\"0\"> <div class=\"quickfinder-item-info-wrapper\"> <svg class=\"qf-svg-arrow-right\" viewbox=\"0 0 50 100\"> <use xlink:href=\"https:\/\/www.artico.com.br\/wp-content\/themes\/thegem\/css\/post-arrow.svg#dec-post-arrow\"><\/use> <\/svg> <div class=\"connector-top\" style=\"border-color: #b6c6c9; right: -81.5px;\"> <\/div> <div class=\"connector-bot\" style=\"border-color: #b6c6c9; right: -81.5px;\"> <\/div> <div class=\"quickfinder-item-info\" > <div style=\"display: block; min-height: 250px;\"> <div class=\"quickfinder-item-title\" >2022<\/div> <div class=\"quickfinder-item-text\" >Lan\u00e7amento da Linha Home: Adegas e Cervejeiras Premium.<br \/>\nA Artico entra nos lares de todos os brasileiros com a venda de cervejeiras e adegas de alto padr\u00e3o. Venda atrav\u00e9s da pr\u00f3pria loja virtual: lojaartico.com.br<\/div> <\/div> <\/div> <\/div> <div class=\"quickfinder-item-image\"> <div class=\"quickfinder-item-image-content\" > <div class=\"quickfinder-item-image-wrapper quickfinder-item-picture quickfinder-item-image-shape-circle\" style=\"box-shadow: 0 0 0 3px #ffffff, 0 0 0 6px #b6c6c9;\"> <img width=\"300\" height=\"300\" src=\"https:\/\/www.artico.com.br\/wp-content\/uploads\/2024\/06\/2.png\" class=\"quickfinder-img-size-large wp-post-image\" alt=\"Cervejeiras e Adegas Premium\" srcset=\"https:\/\/www.artico.com.br\/wp-content\/uploads\/2024\/06\/2-thegem-person-160.png 1x, https:\/\/www.artico.com.br\/wp-content\/uploads\/2024\/06\/2.png 2x\" sizes=\"100vw\" loading=\"lazy\" \/> <\/div> <\/div> <\/div> <\/div> <div id=\"post-34666\" class=\"quickfinder-item even quickfinder-item-effect-image-scale large post-34666 thegem_qf_item type-thegem_qf_item status-publish has-post-thumbnail\" data-ll-item-delay=\"0\"> <div class=\"quickfinder-item-image\"> <div class=\"quickfinder-item-image-content\" > <div class=\"quickfinder-item-image-wrapper quickfinder-item-picture quickfinder-item-image-shape-circle\" style=\"box-shadow: 0 0 0 3px #ffffff, 0 0 0 6px #b6c6c9;\"> <img width=\"300\" height=\"300\" src=\"https:\/\/www.artico.com.br\/wp-content\/uploads\/2024\/06\/Linha-do-tempo-300x-300.png\" class=\"quickfinder-img-size-large wp-post-image\" alt=\"GPTW\" srcset=\"https:\/\/www.artico.com.br\/wp-content\/uploads\/2024\/06\/Linha-do-tempo-300x-300-thegem-person-160.png 1x, https:\/\/www.artico.com.br\/wp-content\/uploads\/2024\/06\/Linha-do-tempo-300x-300.png 2x\" sizes=\"100vw\" loading=\"lazy\" \/> <\/div> <\/div> <\/div> <div class=\"quickfinder-item-info-wrapper\"> <svg class=\"qf-svg-arrow-left\" viewbox=\"0 0 50 100\"> <use xlink:href=\"https:\/\/www.artico.com.br\/wp-content\/themes\/thegem\/css\/post-arrow.svg#dec-post-arrow\"><\/use> <\/svg> <div class=\"connector-top\" style=\"border-color: #b6c6c9; left: -81.5px;\"> <\/div> <div class=\"connector-bot\" style=\"border-color: #b6c6c9; left: -81.5px;\"> <\/div> <div class=\"quickfinder-item-info\" > <div style=\"display: block; min-height: 250px;\"> <div class=\"quickfinder-item-title\" >2023<\/div> <div class=\"quickfinder-item-text\" >Conquista da Certifica\u00e7\u00e3o GPTW - como um \u00f3timo lugar para se trabalhar.<br \/>\nA avalia\u00e7\u00e3o foi aplicada entre todos os colaboradores em dezembro de 2022.<\/div> <\/div> <\/div> <\/div> <\/div> <div id=\"post-34677\" class=\"quickfinder-item odd quickfinder-item-effect-image-scale large post-34677 thegem_qf_item type-thegem_qf_item status-publish has-post-thumbnail\" data-ll-item-delay=\"0\"> <div class=\"quickfinder-item-info-wrapper\"> <svg class=\"qf-svg-arrow-right\" viewbox=\"0 0 50 100\"> <use xlink:href=\"https:\/\/www.artico.com.br\/wp-content\/themes\/thegem\/css\/post-arrow.svg#dec-post-arrow\"><\/use> <\/svg> <div class=\"connector-top\" style=\"border-color: #b6c6c9; right: -81.5px;\"> <\/div> <div class=\"connector-bot\" style=\"border-color: #b6c6c9; right: -81.5px;\"> <\/div> <div class=\"quickfinder-item-info\" > <div style=\"display: block; min-height: 250px;\"> <div class=\"quickfinder-item-title\" >2023<\/div> <div class=\"quickfinder-item-text\" >Lan\u00e7amento Loja de Pe\u00e7as<br \/>\nAgora todos os clientes podem adquirir pe\u00e7as de equipamentos Artico de forma r\u00e1pida e segura, direto da loja pecasartico.com.br<\/div> <\/div> <\/div> <\/div> <div class=\"quickfinder-item-image\"> <div class=\"quickfinder-item-image-content\" > <div class=\"quickfinder-item-image-wrapper quickfinder-item-picture quickfinder-item-image-shape-circle\" style=\"box-shadow: 0 0 0 3px #ffffff, 0 0 0 6px #b6c6c9;\"> <img width=\"300\" height=\"300\" src=\"https:\/\/www.artico.com.br\/wp-content\/uploads\/2024\/07\/Linha-do-tempo-300x-300-3.png\" class=\"quickfinder-img-size-large wp-post-image\" alt=\"LOJA DE PE\u00c7AS\" srcset=\"https:\/\/www.artico.com.br\/wp-content\/uploads\/2024\/07\/Linha-do-tempo-300x-300-3-thegem-person-160.png 1x, https:\/\/www.artico.com.br\/wp-content\/uploads\/2024\/07\/Linha-do-tempo-300x-300-3.png 2x\" sizes=\"100vw\" loading=\"lazy\" \/> <\/div> <\/div> <\/div> <\/div> <div id=\"post-34668\" class=\"quickfinder-item even quickfinder-item-effect-image-scale large post-34668 thegem_qf_item type-thegem_qf_item status-publish has-post-thumbnail\" data-ll-item-delay=\"0\"> <div class=\"quickfinder-item-image\"> <div class=\"quickfinder-item-image-content\" > <div class=\"quickfinder-item-image-wrapper quickfinder-item-picture quickfinder-item-image-shape-circle\" style=\"box-shadow: 0 0 0 3px #ffffff, 0 0 0 6px #b6c6c9;\"> <img width=\"300\" height=\"300\" src=\"https:\/\/www.artico.com.br\/wp-content\/uploads\/2024\/06\/Linha-do-tempo-300x-300-3.png\" class=\"quickfinder-img-size-large wp-post-image\" alt=\"Artico em Las vegas\" srcset=\"https:\/\/www.artico.com.br\/wp-content\/uploads\/2024\/06\/Linha-do-tempo-300x-300-3-thegem-person-160.png 1x, https:\/\/www.artico.com.br\/wp-content\/uploads\/2024\/06\/Linha-do-tempo-300x-300-3.png 2x\" sizes=\"100vw\" loading=\"lazy\" \/> <\/div> <\/div> <\/div> <div class=\"quickfinder-item-info-wrapper\"> <svg class=\"qf-svg-arrow-left\" viewbox=\"0 0 50 100\"> <use xlink:href=\"https:\/\/www.artico.com.br\/wp-content\/themes\/thegem\/css\/post-arrow.svg#dec-post-arrow\"><\/use> <\/svg> <div class=\"connector-top\" style=\"border-color: #b6c6c9; left: -81.5px;\"> <\/div> <div class=\"connector-bot\" style=\"border-color: #b6c6c9; left: -81.5px;\"> <\/div> <div class=\"quickfinder-item-info\" > <div style=\"display: block; min-height: 250px;\"> <div class=\"quickfinder-item-title\" >2024<\/div> <div class=\"quickfinder-item-text\" >Artico em Las Vegas!<br \/>\nPrimeira exporta\u00e7\u00e3o para os Estados Unidos. Vendido uma instala\u00e7\u00e3o comercial para padaria em Las Vegas: projeto completo com vitrines Artico.<\/div> <\/div> <\/div> <\/div> <\/div> <div id=\"post-34672\" class=\"quickfinder-item odd quickfinder-item-effect-image-scale large post-34672 thegem_qf_item type-thegem_qf_item status-publish has-post-thumbnail\" data-ll-item-delay=\"0\"> <div class=\"quickfinder-item-info-wrapper\"> <svg class=\"qf-svg-arrow-right\" viewbox=\"0 0 50 100\"> <use xlink:href=\"https:\/\/www.artico.com.br\/wp-content\/themes\/thegem\/css\/post-arrow.svg#dec-post-arrow\"><\/use> <\/svg> <div class=\"connector-top\" style=\"border-color: #b6c6c9; right: -81.5px;\"> <\/div> <div class=\"connector-bot\" style=\"border-color: #b6c6c9; right: -81.5px;\"> <\/div> <div class=\"quickfinder-item-info\" > <div style=\"display: block; min-height: 250px;\"> <div class=\"quickfinder-item-title\" >2024<\/div> <div class=\"quickfinder-item-text\" >Lan\u00e7amento do Congelador New Slim<br \/>\nReleitura do grande sucesso de vendas, congelador expositor Slim.<\/div> <\/div> <\/div> <\/div> <div class=\"quickfinder-item-image\"> <div class=\"quickfinder-item-image-content\" > <div class=\"quickfinder-item-image-wrapper quickfinder-item-picture quickfinder-item-image-shape-circle\" style=\"box-shadow: 0 0 0 3px #ffffff, 0 0 0 6px #b6c6c9;\"> <img width=\"300\" height=\"300\" src=\"https:\/\/www.artico.com.br\/wp-content\/uploads\/2024\/06\/Linha-do-tempo-300x-300-2-1.png\" class=\"quickfinder-img-size-large wp-post-image\" alt=\"Congelador New Slim\" srcset=\"https:\/\/www.artico.com.br\/wp-content\/uploads\/2024\/06\/Linha-do-tempo-300x-300-2-1-thegem-person-160.png 1x, https:\/\/www.artico.com.br\/wp-content\/uploads\/2024\/06\/Linha-do-tempo-300x-300-2-1.png 2x\" sizes=\"100vw\" loading=\"lazy\" \/> <\/div> <\/div> <\/div> <\/div> <div id=\"post-34952\" class=\"quickfinder-item even quickfinder-item-effect-image-scale large post-34952 thegem_qf_item type-thegem_qf_item status-publish has-post-thumbnail\" data-ll-item-delay=\"0\"> <div class=\"quickfinder-item-image\"> <div class=\"quickfinder-item-image-content\" > <div class=\"quickfinder-item-image-wrapper quickfinder-item-picture quickfinder-item-image-shape-circle\" style=\"box-shadow: 0 0 0 3px #ffffff, 0 0 0 6px #b6c6c9;\"> <img width=\"300\" height=\"300\" src=\"https:\/\/www.artico.com.br\/wp-content\/uploads\/2025\/03\/2024-ODS.png\" class=\"quickfinder-img-size-large wp-post-image\" alt=\"2024 - ODS\" srcset=\"https:\/\/www.artico.com.br\/wp-content\/uploads\/2025\/03\/2024-ODS-thegem-person-160.png 1x, https:\/\/www.artico.com.br\/wp-content\/uploads\/2025\/03\/2024-ODS.png 2x\" sizes=\"100vw\" loading=\"lazy\" \/> <\/div> <\/div> <\/div> <div class=\"quickfinder-item-info-wrapper\"> <svg class=\"qf-svg-arrow-left\" viewbox=\"0 0 50 100\"> <use xlink:href=\"https:\/\/www.artico.com.br\/wp-content\/themes\/thegem\/css\/post-arrow.svg#dec-post-arrow\"><\/use> <\/svg> <div class=\"connector-top\" style=\"border-color: #b6c6c9; left: -81.5px;\"> <\/div> <div class=\"connector-bot\" style=\"border-color: #b6c6c9; left: -81.5px;\"> <\/div> <div class=\"quickfinder-item-info\" > <div style=\"display: block; min-height: 250px;\"> <div class=\"quickfinder-item-title\" >2024<\/div> <div class=\"quickfinder-item-text\" >Selo ODS<br \/>\nIntegramos o quadro das empresas signat\u00e1rias ODS ESG, refor\u00e7ando nosso compromisso com a sustentabilidade e a responsabilidade social.<\/div> <\/div> <\/div> <\/div> <\/div> <div id=\"post-34954\" class=\"quickfinder-item odd quickfinder-item-effect-image-scale large post-34954 thegem_qf_item type-thegem_qf_item status-publish has-post-thumbnail\" data-ll-item-delay=\"0\"> <div class=\"quickfinder-item-info-wrapper\"> <svg class=\"qf-svg-arrow-right\" viewbox=\"0 0 50 100\"> <use xlink:href=\"https:\/\/www.artico.com.br\/wp-content\/themes\/thegem\/css\/post-arrow.svg#dec-post-arrow\"><\/use> <\/svg> <div class=\"connector-top\" style=\"border-color: #b6c6c9; right: -81.5px;\"> <\/div> <div class=\"connector-bot\" style=\"border-color: #b6c6c9; right: -81.5px;\"> <\/div> <div class=\"quickfinder-item-info\" > <div style=\"display: block; min-height: 250px;\"> <div class=\"quickfinder-item-title\" >2025<\/div> <div class=\"quickfinder-item-text\" >Iniciamos o ano que celebramos 65 anos de funda\u00e7\u00e3o com um novo rebranding e identidade visual. Clique aqui para visualizar o v\u00eddeo de apresenta\u00e7\u00e3o.<\/div> <\/div> <\/div> <a href=\"https:\/\/youtu.be\/NhjBfN_o9hg?feature=shared\" target=\"_blank\" class=\"quickfinder-item-link\"><\/a> <\/div> <div class=\"quickfinder-item-image\"> <div class=\"quickfinder-item-image-content\" > <div class=\"quickfinder-item-image-wrapper quickfinder-item-picture quickfinder-item-image-shape-circle\" style=\"box-shadow: 0 0 0 3px #ffffff, 0 0 0 6px #b6c6c9;\"> <img width=\"300\" height=\"300\" src=\"https:\/\/www.artico.com.br\/wp-content\/uploads\/2025\/03\/2025-REBRANDING.png\" class=\"quickfinder-img-size-large wp-post-image\" alt=\"2025 - REBRANDING\" srcset=\"https:\/\/www.artico.com.br\/wp-content\/uploads\/2025\/03\/2025-REBRANDING-thegem-person-160.png 1x, https:\/\/www.artico.com.br\/wp-content\/uploads\/2025\/03\/2025-REBRANDING.png 2x\" sizes=\"100vw\" loading=\"lazy\" \/> <\/div> <a href=\"https:\/\/youtu.be\/NhjBfN_o9hg?feature=shared\" target=\"_blank\" class=\"quickfinder-item-link\"><\/a> <\/div> <\/div> <\/div> <div id=\"post-35233\" class=\"quickfinder-item even quickfinder-item-effect-image-scale large post-35233 thegem_qf_item type-thegem_qf_item status-publish has-post-thumbnail\" data-ll-item-delay=\"0\"> <div class=\"quickfinder-item-image\"> <div class=\"quickfinder-item-image-content\" > <div class=\"quickfinder-item-image-wrapper quickfinder-item-picture quickfinder-item-image-shape-circle\" style=\"box-shadow: 0 0 0 3px #ffffff, 0 0 0 6px #b6c6c9;\"> <img width=\"350\" height=\"350\" src=\"https:\/\/www.artico.com.br\/wp-content\/uploads\/2025\/11\/9001.png\" class=\"quickfinder-img-size-large wp-post-image\" alt=\"ISO 9001\" srcset=\"https:\/\/www.artico.com.br\/wp-content\/uploads\/2025\/11\/9001-thegem-person-160.png 1x, https:\/\/www.artico.com.br\/wp-content\/uploads\/2025\/11\/9001.png 2x\" sizes=\"100vw\" loading=\"lazy\" \/> <\/div> <\/div> <\/div> <div class=\"quickfinder-item-info-wrapper\"> <svg class=\"qf-svg-arrow-left\" viewbox=\"0 0 50 100\"> <use xlink:href=\"https:\/\/www.artico.com.br\/wp-content\/themes\/thegem\/css\/post-arrow.svg#dec-post-arrow\"><\/use> <\/svg> <div class=\"connector-top\" style=\"border-color: #b6c6c9; left: -81.5px;\"> <\/div> <div class=\"connector-bot\" style=\"border-color: #b6c6c9; left: -81.5px;\"> <\/div> <div class=\"quickfinder-item-info\" > <div style=\"display: block; min-height: 250px;\"> <div class=\"quickfinder-item-title\" >2025<\/div> <div class=\"quickfinder-item-text\" >Obtivemos a Certifica\u00e7\u00e3o ISO 9001. Isso atesta nosso compromisso com os mais altos padr\u00f5es de qualidade e desempenho.<br \/>\n<\/div> <\/div> <\/div> <\/div> <\/div> <\/div>\r\n\t<div class=\"wpb_raw_code wpb_content_element wpb_raw_html\" >\r\n\t\t<div class=\"wpb_wrapper\">\r\n\t\t\t<style>\n.quickfinder-item-image-content{\nwidth: 160px;\n}\n.page-title-block{background-color: #FFFFFF!important;padding-top: 30px !important;padding-bottom: 30px !important;}#page-title h1{font-size: 30px !important;color: #000000 !important;}<\/style>\r\n\t\t<\/div>\r\n\t<\/div>\r\n<\/div><\/div><\/div><\/div>","protected":false},"excerpt":{"rendered":"","protected":false},"author":1,"featured_media":0,"parent":0,"menu_order":0,"comment_status":"closed","ping_status":"closed","template":"","meta":[],"yoast_head":"<!-- This site is optimized with the Yoast SEO plugin v18.3 - https:\/\/yoast.com\/wordpress\/plugins\/seo\/ -->\n<title>Hist\u00f3ria - \u00c1rtico Ind\u00fastria de Refrigera\u00e7\u00e3o<\/title>\n<meta name=\"robots\" content=\"index, follow, max-snippet:-1, max-image-preview:large, max-video-preview:-1\" \/>\n<link rel=\"canonical\" href=\"https:\/\/www.artico.com.br\/es\/historia\/\" \/>\n<meta property=\"og:locale\" content=\"es_ES\" \/>\n<meta property=\"og:type\" content=\"article\" \/>\n<meta property=\"og:title\" content=\"Hist\u00f3ria - \u00c1rtico Ind\u00fastria de Refrigera\u00e7\u00e3o\" \/>\n<meta property=\"og:url\" content=\"https:\/\/www.artico.com.br\/es\/historia\/\" \/>\n<meta property=\"og:site_name\" content=\"\u00c1rtico Ind\u00fastria de Refrigera\u00e7\u00e3o\" \/>\n<meta property=\"article:publisher\" content=\"https:\/\/pt-br.facebook.com\/articoindustriaderefrigeracao\" \/>\n<meta property=\"article:modified_time\" content=\"2025-01-16T17:34:51+00:00\" \/>\n<meta name=\"twitter:card\" content=\"summary_large_image\" \/>\n<script type=\"application\/ld+json\" class=\"yoast-schema-graph\">{\"@context\":\"https:\/\/schema.org\",\"@graph\":[{\"@type\":\"Organization\",\"@id\":\"https:\/\/www.artico.com.br\/es\/#organization\",\"name\":\"\u00c1rtico Ind\u00fastria de Refrigera\u00e7\u00e3o - A arte de expor e conservar\",\"url\":\"https:\/\/www.artico.com.br\/es\/\",\"sameAs\":[\"https:\/\/pt-br.facebook.com\/articoindustriaderefrigeracao\",\"https:\/\/www.instagram.com\/artico.refrigeracao\",\"https:\/\/br.linkedin.com\/company\/articoindrefrigeracao\"],\"logo\":{\"@type\":\"ImageObject\",\"@id\":\"https:\/\/www.artico.com.br\/es\/#logo\",\"inLanguage\":\"es\",\"url\":\"https:\/\/www.artico.com.br\/wp-content\/uploads\/2021\/04\/logo.png\",\"contentUrl\":\"https:\/\/www.artico.com.br\/wp-content\/uploads\/2021\/04\/logo.png\",\"width\":265,\"height\":265,\"caption\":\"\u00c1rtico Ind\u00fastria de Refrigera\u00e7\u00e3o - A arte de expor e conservar\"},\"image\":{\"@id\":\"https:\/\/www.artico.com.br\/es\/#logo\"}},{\"@type\":\"WebSite\",\"@id\":\"https:\/\/www.artico.com.br\/es\/#website\",\"url\":\"https:\/\/www.artico.com.br\/es\/\",\"name\":\"\u00c1rtico Ind\u00fastria de Refrigera\u00e7\u00e3o\",\"description\":\"A arte de expor e conservar\",\"publisher\":{\"@id\":\"https:\/\/www.artico.com.br\/es\/#organization\"},\"potentialAction\":[{\"@type\":\"SearchAction\",\"target\":{\"@type\":\"EntryPoint\",\"urlTemplate\":\"https:\/\/www.artico.com.br\/es\/?s={search_term_string}\"},\"query-input\":\"required name=search_term_string\"}],\"inLanguage\":\"es\"},{\"@type\":\"WebPage\",\"@id\":\"https:\/\/www.artico.com.br\/en\/historia\/#webpage\",\"url\":\"https:\/\/www.artico.com.br\/en\/historia\/\",\"name\":\"Hist\u00f3ria - \u00c1rtico Ind\u00fastria de Refrigera\u00e7\u00e3o\",\"isPartOf\":{\"@id\":\"https:\/\/www.artico.com.br\/es\/#website\"},\"datePublished\":\"2020-06-29T11:05:25+00:00\",\"dateModified\":\"2025-01-16T17:34:51+00:00\",\"breadcrumb\":{\"@id\":\"https:\/\/www.artico.com.br\/en\/historia\/#breadcrumb\"},\"inLanguage\":\"es\",\"potentialAction\":[{\"@type\":\"ReadAction\",\"target\":[\"https:\/\/www.artico.com.br\/en\/historia\/\"]}]},{\"@type\":\"BreadcrumbList\",\"@id\":\"https:\/\/www.artico.com.br\/en\/historia\/#breadcrumb\",\"itemListElement\":[{\"@type\":\"ListItem\",\"position\":1,\"name\":\"In\u00edcio\",\"item\":\"https:\/\/www.artico.com.br\/es\/\"},{\"@type\":\"ListItem\",\"position\":2,\"name\":\"Hist\u00f3ria\"}]}]}<\/script>\n<!-- \/ Yoast SEO plugin. -->","yoast_head_json":{"title":"Hist\u00f3ria - \u00c1rtico Ind\u00fastria de Refrigera\u00e7\u00e3o","robots":{"index":"index","follow":"follow","max-snippet":"max-snippet:-1","max-image-preview":"max-image-preview:large","max-video-preview":"max-video-preview:-1"},"canonical":"https:\/\/www.artico.com.br\/es\/historia\/","og_locale":"es_ES","og_type":"article","og_title":"Hist\u00f3ria - \u00c1rtico Ind\u00fastria de Refrigera\u00e7\u00e3o","og_url":"https:\/\/www.artico.com.br\/es\/historia\/","og_site_name":"\u00c1rtico Ind\u00fastria de Refrigera\u00e7\u00e3o","article_publisher":"https:\/\/pt-br.facebook.com\/articoindustriaderefrigeracao","article_modified_time":"2025-01-16T17:34:51+00:00","twitter_card":"summary_large_image","schema":{"@context":"https:\/\/schema.org","@graph":[{"@type":"Organization","@id":"https:\/\/www.artico.com.br\/es\/#organization","name":"\u00c1rtico Ind\u00fastria de Refrigera\u00e7\u00e3o - A arte de expor e conservar","url":"https:\/\/www.artico.com.br\/es\/","sameAs":["https:\/\/pt-br.facebook.com\/articoindustriaderefrigeracao","https:\/\/www.instagram.com\/artico.refrigeracao","https:\/\/br.linkedin.com\/company\/articoindrefrigeracao"],"logo":{"@type":"ImageObject","@id":"https:\/\/www.artico.com.br\/es\/#logo","inLanguage":"es","url":"https:\/\/www.artico.com.br\/wp-content\/uploads\/2021\/04\/logo.png","contentUrl":"https:\/\/www.artico.com.br\/wp-content\/uploads\/2021\/04\/logo.png","width":265,"height":265,"caption":"\u00c1rtico Ind\u00fastria de Refrigera\u00e7\u00e3o - A arte de expor e conservar"},"image":{"@id":"https:\/\/www.artico.com.br\/es\/#logo"}},{"@type":"WebSite","@id":"https:\/\/www.artico.com.br\/es\/#website","url":"https:\/\/www.artico.com.br\/es\/","name":"\u00c1rtico Ind\u00fastria de Refrigera\u00e7\u00e3o","description":"A arte de expor e conservar","publisher":{"@id":"https:\/\/www.artico.com.br\/es\/#organization"},"potentialAction":[{"@type":"SearchAction","target":{"@type":"EntryPoint","urlTemplate":"https:\/\/www.artico.com.br\/es\/?s={search_term_string}"},"query-input":"required name=search_term_string"}],"inLanguage":"es"},{"@type":"WebPage","@id":"https:\/\/www.artico.com.br\/en\/historia\/#webpage","url":"https:\/\/www.artico.com.br\/en\/historia\/","name":"Hist\u00f3ria - \u00c1rtico Ind\u00fastria de Refrigera\u00e7\u00e3o","isPartOf":{"@id":"https:\/\/www.artico.com.br\/es\/#website"},"datePublished":"2020-06-29T11:05:25+00:00","dateModified":"2025-01-16T17:34:51+00:00","breadcrumb":{"@id":"https:\/\/www.artico.com.br\/en\/historia\/#breadcrumb"},"inLanguage":"es","potentialAction":[{"@type":"ReadAction","target":["https:\/\/www.artico.com.br\/en\/historia\/"]}]},{"@type":"BreadcrumbList","@id":"https:\/\/www.artico.com.br\/en\/historia\/#breadcrumb","itemListElement":[{"@type":"ListItem","position":1,"name":"In\u00edcio","item":"https:\/\/www.artico.com.br\/es\/"},{"@type":"ListItem","position":2,"name":"Hist\u00f3ria"}]}]}},"_links":{"self":[{"href":"https:\/\/www.artico.com.br\/es\/wp-json\/wp\/v2\/pages\/32336"}],"collection":[{"href":"https:\/\/www.artico.com.br\/es\/wp-json\/wp\/v2\/pages"}],"about":[{"href":"https:\/\/www.artico.com.br\/es\/wp-json\/wp\/v2\/types\/page"}],"author":[{"embeddable":true,"href":"https:\/\/www.artico.com.br\/es\/wp-json\/wp\/v2\/users\/1"}],"replies":[{"embeddable":true,"href":"https:\/\/www.artico.com.br\/es\/wp-json\/wp\/v2\/comments?post=32336"}],"version-history":[{"count":5,"href":"https:\/\/www.artico.com.br\/es\/wp-json\/wp\/v2\/pages\/32336\/revisions"}],"predecessor-version":[{"id":34834,"href":"https:\/\/www.artico.com.br\/es\/wp-json\/wp\/v2\/pages\/32336\/revisions\/34834"}],"wp:attachment":[{"href":"https:\/\/www.artico.com.br\/es\/wp-json\/wp\/v2\/media?parent=32336"}],"curies":[{"name":"wp","href":"https:\/\/api.w.org\/{rel}","templated":true}]}}